{"id":94,"date":"2019-11-17T19:07:51","date_gmt":"2019-11-17T18:07:51","guid":{"rendered":"http:\/\/www.medecinesymbolique.com\/es\/?page_id=94"},"modified":"2023-07-27T12:14:00","modified_gmt":"2023-07-27T12:14:00","slug":"espacios-naturales","status":"publish","type":"page","link":"https:\/\/www.medecinesymbolique.com\/es\/armonizacion-y-terapia\/espacios-naturales\/","title":{"rendered":"Espacios naturales"},"content":{"rendered":"\n<div class=\"wp-block-columns is-layout-flex wp-container-core-columns-is-layout-9d6595d7 wp-block-columns-is-layout-flex\">\n<div class=\"wp-block-column is-layout-flow wp-block-column-is-layout-flow\">\n<h2 class=\"wp-block-heading\">Espacios naturales y fuerzas de la naturaleza<\/h2>\n\n\n\n<p>La armonizaci\u00f3n de los espacios naturales es un campo en evoluci\u00f3n de la medicina simb\u00f3lica. Ahora es posible armonizar jardines, granjas, huertos, vi\u00f1edos o frutales. En estos casos, el espejo del h\u00e1bitat se extiende a propiedades m\u00e1s grandes, como fincas agr\u00edcolas, siempre involucrando a sus due\u00f1os. Hay algo en com\u00fan con la armonizaci\u00f3n de empresa, pero involucra las fuerzas de la naturaleza presentes en el espacio de una granja o finca.<\/p>\n\n\n<div class=\"lazyblock-bloc-livret-GBL0m wp-block-lazyblock-bloc-livret\"><div class=\"livret-container left\"><a href=\"https:\/\/www.medecinesymbolique.com\/es\/wp-content\/uploads\/sites\/3\/2023\/07\/Accueil-esp.pdf\" target=\"_blank\" title=\"Folleto de presentaci\u00f3n - Medicina Simb\u00f3lica\" class=\"download-livret\"><img decoding=\"async\" src=\"https:\/\/www.medecinesymbolique.com\/es\/wp-content\/themes\/medecinesymb\/assets\/svg\/pdf5.svg\" alt=\"Icone PDF\"><div class=\"titre-pdf\"><span>Folleto de presentaci\u00f3n<\/span><strong>Medicina Simb\u00f3lica<\/strong><\/div><\/a><\/div><\/div><\/div>\n\n\n\n<div class=\"wp-block-column is-layout-flow wp-block-column-is-layout-flow\">\n<figure class=\"wp-block-embed is-type-video is-provider-youtube wp-block-embed-youtube wp-embed-aspect-16-9 wp-has-aspect-ratio\"><div class=\"wp-block-embed__wrapper\">\n<iframe loading=\"lazy\" title=\"Trac\u00e9 du jardin 2016 - Avec les baguettes coud\u00e9es\" width=\"500\" height=\"281\" src=\"https:\/\/www.youtube.com\/embed\/4MDO9i-NbgU?feature=oembed\" frameborder=\"0\" allow=\"accelerometer; autoplay; clipboard-write; encrypted-media; gyroscope; picture-in-picture; web-share\" referrerpolicy=\"strict-origin-when-cross-origin\" allowfullscreen><\/iframe>\n<\/div><figcaption class=\"wp-element-caption\">Descubra c\u00f3mo es posible armonizar simplemente un espacio natural<\/figcaption><\/figure>\n<\/div>\n<\/div>\n\n\n\n<h2 class=\"wp-block-heading\"> \u00bfPor qu\u00e9 consultar?<\/h2>\n\n\n\n<div class=\"wp-block-columns has-2-columns is-layout-flex wp-container-core-columns-is-layout-9d6595d7 wp-block-columns-is-layout-flex\">\n<div class=\"wp-block-column is-layout-flow wp-block-column-is-layout-flow\">\n<p>Para los particulares, la armonizaci\u00f3n se centrar\u00e1:<\/p>\n\n\n\n<ul class=\"wp-block-list\">\n<li>en un espacio antes de la implantaci\u00f3n de una vivienda,<\/li>\n\n\n\n<li>un jard\u00edn, tierra, \u00e1rboles, etc.<\/li>\n<\/ul>\n\n\n\n<p>Para los profesionales, la armonizaci\u00f3n se centrar\u00e1 en:<\/p>\n\n\n\n<ul class=\"wp-block-list\">\n<li>Espacios antes del establecimiento de una empresa agr\u00edcola, una granja, un huerto,<\/li>\n\n\n\n<li> Mercado de jardiner\u00eda y campos (plagas, enfermedades),<\/li>\n\n\n\n<li> Huertos y vi\u00f1edos (enfermedades),<\/li>\n\n\n\n<li> Espacios de almacenamiento y transformaci\u00f3n,<\/li>\n<\/ul>\n\n\n\n<div class=\"wp-block-buttons is-layout-flex wp-block-buttons-is-layout-flex\">\n<div class=\"wp-block-button\"><a class=\"wp-block-button__link wp-element-button\" href=\"\/es\/practicantes\/\" title=\"Encontrar Un Practicante\">Encontrar un practicante<\/a><\/div>\n<\/div>\n<\/div>\n\n\n\n<div class=\"wp-block-column is-layout-flow wp-block-column-is-layout-flow\">\n<figure class=\"wp-block-pullquote\"><blockquote><p> \u201cActuar sobre el espacio es tener en cuenta los aspectos energ\u00e9ticos de la vida que hay en un lugar\u00bb<\/p><\/blockquote><\/figure>\n<\/div>\n<\/div>\n\n\n\n<div class=\"wp-block-columns has-2-columns is-layout-flex wp-container-core-columns-is-layout-9d6595d7 wp-block-columns-is-layout-flex\">\n<div class=\"wp-block-column is-layout-flow wp-block-column-is-layout-flow\"><\/div>\n\n\n\n<div class=\"wp-block-column is-layout-flow wp-block-column-is-layout-flow\">\n<p class=\"has-text-align-left\"><\/p>\n<\/div>\n<\/div>\n\n\n\n<p><\/p>\n","protected":false},"excerpt":{"rendered":"<p>Espacios naturales y fuerzas de la naturaleza La armonizaci\u00f3n de los espacios naturales es un campo en evoluci\u00f3n de la medicina simb\u00f3lica. Ahora es posible armonizar jardines, granjas, huertos, vi\u00f1edos [&hellip;]<\/p>\n","protected":false},"author":1,"featured_media":192,"parent":84,"menu_order":0,"comment_status":"closed","ping_status":"closed","template":"","meta":{"_acf_changed":false,"footnotes":""},"class_list":["post-94","page","type-page","status-publish","has-post-thumbnail","hentry"],"acf":[],"yoast_head":"<!-- This site is optimized with the Yoast SEO plugin v27.5 - https:\/\/yoast.com\/product\/yoast-seo-wordpress\/ -->\n<title>Espacios naturales - M\u00e9decine Symbolique<\/title>\n<meta name=\"robots\" content=\"index, follow, max-snippet:-1, max-image-preview:large, max-video-preview:-1\" \/>\n<link rel=\"canonical\" href=\"https:\/\/www.medecinesymbolique.com\/es\/armonizacion-y-terapia\/espacios-naturales\/\" \/>\n<meta property=\"og:locale\" content=\"es_ES\" \/>\n<meta property=\"og:type\" content=\"article\" \/>\n<meta property=\"og:title\" content=\"Espacios naturales - M\u00e9decine Symbolique\" \/>\n<meta property=\"og:description\" content=\"Espacios naturales y fuerzas de la naturaleza La armonizaci\u00f3n de los espacios naturales es un campo en evoluci\u00f3n de la medicina simb\u00f3lica. Ahora es posible armonizar jardines, granjas, huertos, vi\u00f1edos [&hellip;]\" \/>\n<meta property=\"og:url\" content=\"https:\/\/www.medecinesymbolique.com\/es\/armonizacion-y-terapia\/espacios-naturales\/\" \/>\n<meta property=\"og:site_name\" content=\"M\u00e9decine Symbolique\" \/>\n<meta property=\"article:modified_time\" content=\"2023-07-27T12:14:00+00:00\" \/>\n<meta property=\"og:image\" content=\"https:\/\/www.medecinesymbolique.com\/es\/wp-content\/uploads\/sites\/3\/2019\/11\/area-1.jpg\" \/>\n\t<meta property=\"og:image:width\" content=\"1024\" \/>\n\t<meta property=\"og:image:height\" content=\"271\" \/>\n\t<meta property=\"og:image:type\" content=\"image\/jpeg\" \/>\n<meta name=\"twitter:card\" content=\"summary_large_image\" \/>\n<meta name=\"twitter:label1\" content=\"Tiempo de lectura\" \/>\n\t<meta name=\"twitter:data1\" content=\"1 minuto\" \/>\n<script type=\"application\/ld+json\" class=\"yoast-schema-graph\">{\"@context\":\"https:\\\/\\\/schema.org\",\"@graph\":[{\"@type\":\"WebPage\",\"@id\":\"https:\\\/\\\/www.medecinesymbolique.com\\\/es\\\/armonizacion-y-terapia\\\/espacios-naturales\\\/\",\"url\":\"https:\\\/\\\/www.medecinesymbolique.com\\\/es\\\/armonizacion-y-terapia\\\/espacios-naturales\\\/\",\"name\":\"Espacios naturales - M\u00e9decine Symbolique\",\"isPartOf\":{\"@id\":\"https:\\\/\\\/www.medecinesymbolique.com\\\/es\\\/#website\"},\"primaryImageOfPage\":{\"@id\":\"https:\\\/\\\/www.medecinesymbolique.com\\\/es\\\/armonizacion-y-terapia\\\/espacios-naturales\\\/#primaryimage\"},\"image\":{\"@id\":\"https:\\\/\\\/www.medecinesymbolique.com\\\/es\\\/armonizacion-y-terapia\\\/espacios-naturales\\\/#primaryimage\"},\"thumbnailUrl\":\"https:\\\/\\\/www.medecinesymbolique.com\\\/es\\\/wp-content\\\/uploads\\\/sites\\\/3\\\/2019\\\/11\\\/area-1.jpg\",\"datePublished\":\"2019-11-17T18:07:51+00:00\",\"dateModified\":\"2023-07-27T12:14:00+00:00\",\"breadcrumb\":{\"@id\":\"https:\\\/\\\/www.medecinesymbolique.com\\\/es\\\/armonizacion-y-terapia\\\/espacios-naturales\\\/#breadcrumb\"},\"inLanguage\":\"es\",\"potentialAction\":[{\"@type\":\"ReadAction\",\"target\":[\"https:\\\/\\\/www.medecinesymbolique.com\\\/es\\\/armonizacion-y-terapia\\\/espacios-naturales\\\/\"]}]},{\"@type\":\"ImageObject\",\"inLanguage\":\"es\",\"@id\":\"https:\\\/\\\/www.medecinesymbolique.com\\\/es\\\/armonizacion-y-terapia\\\/espacios-naturales\\\/#primaryimage\",\"url\":\"https:\\\/\\\/www.medecinesymbolique.com\\\/es\\\/wp-content\\\/uploads\\\/sites\\\/3\\\/2019\\\/11\\\/area-1.jpg\",\"contentUrl\":\"https:\\\/\\\/www.medecinesymbolique.com\\\/es\\\/wp-content\\\/uploads\\\/sites\\\/3\\\/2019\\\/11\\\/area-1.jpg\",\"width\":1024,\"height\":271},{\"@type\":\"BreadcrumbList\",\"@id\":\"https:\\\/\\\/www.medecinesymbolique.com\\\/es\\\/armonizacion-y-terapia\\\/espacios-naturales\\\/#breadcrumb\",\"itemListElement\":[{\"@type\":\"ListItem\",\"position\":1,\"name\":\"Accueil\",\"item\":\"https:\\\/\\\/www.medecinesymbolique.com\\\/es\\\/\"},{\"@type\":\"ListItem\",\"position\":2,\"name\":\"Armonizaci\u00f3n y terapia\",\"item\":\"https:\\\/\\\/www.medecinesymbolique.com\\\/es\\\/armonizacion-y-terapia\\\/\"},{\"@type\":\"ListItem\",\"position\":3,\"name\":\"Espacios naturales\"}]},{\"@type\":\"WebSite\",\"@id\":\"https:\\\/\\\/www.medecinesymbolique.com\\\/es\\\/#website\",\"url\":\"https:\\\/\\\/www.medecinesymbolique.com\\\/es\\\/\",\"name\":\"M\u00e9decine Symbolique\",\"description\":\"\",\"potentialAction\":[{\"@type\":\"SearchAction\",\"target\":{\"@type\":\"EntryPoint\",\"urlTemplate\":\"https:\\\/\\\/www.medecinesymbolique.com\\\/es\\\/?s={search_term_string}\"},\"query-input\":{\"@type\":\"PropertyValueSpecification\",\"valueRequired\":true,\"valueName\":\"search_term_string\"}}],\"inLanguage\":\"es\"}]}<\/script>\n<!-- \/ Yoast SEO plugin. -->","yoast_head_json":{"title":"Espacios naturales - M\u00e9decine Symbolique","robots":{"index":"index","follow":"follow","max-snippet":"max-snippet:-1","max-image-preview":"max-image-preview:large","max-video-preview":"max-video-preview:-1"},"canonical":"https:\/\/www.medecinesymbolique.com\/es\/armonizacion-y-terapia\/espacios-naturales\/","og_locale":"es_ES","og_type":"article","og_title":"Espacios naturales - M\u00e9decine Symbolique","og_description":"Espacios naturales y fuerzas de la naturaleza La armonizaci\u00f3n de los espacios naturales es un campo en evoluci\u00f3n de la medicina simb\u00f3lica. Ahora es posible armonizar jardines, granjas, huertos, vi\u00f1edos [&hellip;]","og_url":"https:\/\/www.medecinesymbolique.com\/es\/armonizacion-y-terapia\/espacios-naturales\/","og_site_name":"M\u00e9decine Symbolique","article_modified_time":"2023-07-27T12:14:00+00:00","og_image":[{"width":1024,"height":271,"url":"https:\/\/www.medecinesymbolique.com\/es\/wp-content\/uploads\/sites\/3\/2019\/11\/area-1.jpg","type":"image\/jpeg"}],"twitter_card":"summary_large_image","twitter_misc":{"Tiempo de lectura":"1 minuto"},"schema":{"@context":"https:\/\/schema.org","@graph":[{"@type":"WebPage","@id":"https:\/\/www.medecinesymbolique.com\/es\/armonizacion-y-terapia\/espacios-naturales\/","url":"https:\/\/www.medecinesymbolique.com\/es\/armonizacion-y-terapia\/espacios-naturales\/","name":"Espacios naturales - M\u00e9decine Symbolique","isPartOf":{"@id":"https:\/\/www.medecinesymbolique.com\/es\/#website"},"primaryImageOfPage":{"@id":"https:\/\/www.medecinesymbolique.com\/es\/armonizacion-y-terapia\/espacios-naturales\/#primaryimage"},"image":{"@id":"https:\/\/www.medecinesymbolique.com\/es\/armonizacion-y-terapia\/espacios-naturales\/#primaryimage"},"thumbnailUrl":"https:\/\/www.medecinesymbolique.com\/es\/wp-content\/uploads\/sites\/3\/2019\/11\/area-1.jpg","datePublished":"2019-11-17T18:07:51+00:00","dateModified":"2023-07-27T12:14:00+00:00","breadcrumb":{"@id":"https:\/\/www.medecinesymbolique.com\/es\/armonizacion-y-terapia\/espacios-naturales\/#breadcrumb"},"inLanguage":"es","potentialAction":[{"@type":"ReadAction","target":["https:\/\/www.medecinesymbolique.com\/es\/armonizacion-y-terapia\/espacios-naturales\/"]}]},{"@type":"ImageObject","inLanguage":"es","@id":"https:\/\/www.medecinesymbolique.com\/es\/armonizacion-y-terapia\/espacios-naturales\/#primaryimage","url":"https:\/\/www.medecinesymbolique.com\/es\/wp-content\/uploads\/sites\/3\/2019\/11\/area-1.jpg","contentUrl":"https:\/\/www.medecinesymbolique.com\/es\/wp-content\/uploads\/sites\/3\/2019\/11\/area-1.jpg","width":1024,"height":271},{"@type":"BreadcrumbList","@id":"https:\/\/www.medecinesymbolique.com\/es\/armonizacion-y-terapia\/espacios-naturales\/#breadcrumb","itemListElement":[{"@type":"ListItem","position":1,"name":"Accueil","item":"https:\/\/www.medecinesymbolique.com\/es\/"},{"@type":"ListItem","position":2,"name":"Armonizaci\u00f3n y terapia","item":"https:\/\/www.medecinesymbolique.com\/es\/armonizacion-y-terapia\/"},{"@type":"ListItem","position":3,"name":"Espacios naturales"}]},{"@type":"WebSite","@id":"https:\/\/www.medecinesymbolique.com\/es\/#website","url":"https:\/\/www.medecinesymbolique.com\/es\/","name":"M\u00e9decine Symbolique","description":"","potentialAction":[{"@type":"SearchAction","target":{"@type":"EntryPoint","urlTemplate":"https:\/\/www.medecinesymbolique.com\/es\/?s={search_term_string}"},"query-input":{"@type":"PropertyValueSpecification","valueRequired":true,"valueName":"search_term_string"}}],"inLanguage":"es"}]}},"_links":{"self":[{"href":"https:\/\/www.medecinesymbolique.com\/es\/wp-json\/wp\/v2\/pages\/94","targetHints":{"allow":["GET"]}}],"collection":[{"href":"https:\/\/www.medecinesymbolique.com\/es\/wp-json\/wp\/v2\/pages"}],"about":[{"href":"https:\/\/www.medecinesymbolique.com\/es\/wp-json\/wp\/v2\/types\/page"}],"author":[{"embeddable":true,"href":"https:\/\/www.medecinesymbolique.com\/es\/wp-json\/wp\/v2\/users\/1"}],"replies":[{"embeddable":true,"href":"https:\/\/www.medecinesymbolique.com\/es\/wp-json\/wp\/v2\/comments?post=94"}],"version-history":[{"count":8,"href":"https:\/\/www.medecinesymbolique.com\/es\/wp-json\/wp\/v2\/pages\/94\/revisions"}],"predecessor-version":[{"id":396,"href":"https:\/\/www.medecinesymbolique.com\/es\/wp-json\/wp\/v2\/pages\/94\/revisions\/396"}],"up":[{"embeddable":true,"href":"https:\/\/www.medecinesymbolique.com\/es\/wp-json\/wp\/v2\/pages\/84"}],"wp:featuredmedia":[{"embeddable":true,"href":"https:\/\/www.medecinesymbolique.com\/es\/wp-json\/wp\/v2\/media\/192"}],"wp:attachment":[{"href":"https:\/\/www.medecinesymbolique.com\/es\/wp-json\/wp\/v2\/media?parent=94"}],"curies":[{"name":"wp","href":"https:\/\/api.w.org\/{rel}","templated":true}]}}